{"id":2548,"date":"2016-06-28T09:28:48","date_gmt":"2016-06-28T07:28:48","guid":{"rendered":"https:\/\/www.programm-gesundheit.blog\/?page_id=2548\/"},"modified":"2023-02-27T14:00:52","modified_gmt":"2023-02-27T13:00:52","slug":"30-under-40-expert-network","status":"publish","type":"page","link":"https:\/\/www.programm-gesundheit.blog\/en\/30-under-40-expert-network\/","title":{"rendered":"&#8220;30 under 40&#8221; expert network: Thought leaders in digital health"},"content":{"rendered":"<p>The \u201c30 under 40\u201d expert network is accompanying the Digital Patient project by providing fresh input and broadening the scope of issues, opinions and future developments to consider in digital health. The network is comprised of 30 young thought leaders with diverse backgrounds \u2013 from startups to service providers and cost-bearers to scientists, journalists, policymakers and other political professionals. Current members include:<\/p>\n<div class=\"authorsList authorsList--cols3\"><\/div>\n<hr \/>\n<h3 style=\"text-align: center;\">Alumni<\/h3>\n<div class=\"authorsList authorsList--cols3\"><\/div>\n<hr \/>\n<h3 style=\"text-align: center;\">Alte Darstellung<\/h3>\n<figure><img loading=\"lazy\" decoding=\"async\" class=\"alignnone size-thumbnail wp-image-1028\" style=\"float: left; padding: 0 15px 15px 0;\" src=\"https:\/\/www.programm-gesundheit.blog\/wp-content\/uploads\/sites\/25\/2017\/05\/14-150x150.jpg\" alt=\"Ekaterina Alipiev\" width=\"150\" height=\"150\" srcset=\"https:\/\/www.programm-gesundheit.blog\/wp-content\/uploads\/sites\/25\/2017\/05\/14-150x150.jpg 150w, https:\/\/www.programm-gesundheit.blog\/wp-content\/uploads\/sites\/25\/2017\/05\/14-300x300.jpg 300w, https:\/\/www.programm-gesundheit.blog\/wp-content\/uploads\/sites\/25\/2017\/05\/14.jpg 464w\" sizes=\"auto, (max-width: 150px) 100vw, 150px\" \/><strong>Ekaterina Alipiev<\/strong><br \/>\nJourvie gUG (haftungsbeschr\u00e4nkt)<\/p>\n<p><em>\u201eDigitale Gesundheit braucht mehr Mut, Neues auszuprobieren \u2013 gemeinsam mit allen Beteiligten im Gesundheitssystem.\u201c<\/em><br \/>\n\u2013 <a href=\"https:\/\/twitter.com\/intent\/tweet?text=.%40KetiSchwarzkopf%20aus%20dem%20Expertennetzwerk%20%2330unter40%20von%20%40PatientDigital%20zu%20digitaler%20Gesundheit%3A%20https%3A%2F%2Fcards.twitter.com%2Fcards%2F18ce54cupjn%2F46di1\" target=\"_blank\" rel=\"noopener\">Zitat per Twitter teilen<\/a><\/figure>\n<p><span style=\"clear: all;\">\u00a0<\/span><\/p>\n<figure><img loading=\"lazy\" decoding=\"async\" class=\"alignnone size-thumbnail wp-image-961\" style=\"float: left; padding: 0 15px 15px 0;\" src=\"https:\/\/www.programm-gesundheit.blog\/wp-content\/uploads\/sites\/25\/2017\/05\/1-150x150.jpg\" alt=\"Maik Beermann\" width=\"150\" height=\"150\" srcset=\"https:\/\/www.programm-gesundheit.blog\/wp-content\/uploads\/sites\/25\/2017\/05\/1-150x150.jpg 150w, https:\/\/www.programm-gesundheit.blog\/wp-content\/uploads\/sites\/25\/2017\/05\/1-300x300.jpg 300w, https:\/\/www.programm-gesundheit.blog\/wp-content\/uploads\/sites\/25\/2017\/05\/1.jpg 464w\" sizes=\"auto, (max-width: 150px) 100vw, 150px\" \/><strong>Maik Beermann<\/strong><br \/>\nMitglied des Deutschen Bundestages<\/p>\n<p><em>\u201eDigitale Gesundheit braucht eine innovationsfreundliche, entschlossene Politik und gut ausgebildete Fachkr\u00e4fte in der IT.\u201c<\/em><br \/>\n\u2013 <a href=\"https:\/\/twitter.com\/intent\/tweet?text=.%40MaikBeermann%20aus%20dem%20Expertennetzwerk%20%2330unter40%20von%20%40PatientDigital%20zu%20digitaler%20Gesundheit%3A%20https%3A%2F%2Fcards.twitter.com%2Fcards%2F18ce54cupjn%2F46dhb\" target=\"_blank\" rel=\"noopener\">Zitat per Twitter teilen<\/a><\/figure>\n<p><span style=\"clear: all;\">\u00a0<\/span><\/p>\n<figure><img loading=\"lazy\" decoding=\"async\" class=\"alignnone size-thumbnail wp-image-971\" style=\"float: left; padding: 0 15px 15px 0;\" src=\"https:\/\/www.programm-gesundheit.blog\/wp-content\/uploads\/sites\/25\/2017\/05\/2-150x150.jpg\" alt=\"Jesaja Brinkmann\" width=\"150\" height=\"150\" srcset=\"https:\/\/www.programm-gesundheit.blog\/wp-content\/uploads\/sites\/25\/2017\/05\/2-150x150.jpg 150w, https:\/\/www.programm-gesundheit.blog\/wp-content\/uploads\/sites\/25\/2017\/05\/2-300x300.jpg 300w, https:\/\/www.programm-gesundheit.blog\/wp-content\/uploads\/sites\/25\/2017\/05\/2.jpg 464w\" sizes=\"auto, (max-width: 150px) 100vw, 150px\" \/><strong>Jesaja Brinkmann<\/strong><br \/>\nHiDoc Technologies UG (haftungsbeschr\u00e4nkt)<\/p>\n<p><em>\u201eDigitale Gesundheit braucht digitales Denken, Nutzerzentrierung, Macher und Mut. Datenschutz ist #noexcuse.\u201c<\/em><br \/>\n\u2013 <a href=\"https:\/\/twitter.com\/intent\/tweet?text=.%40Dr_Brinkmann%20aus%20dem%20Expertennetzwerk%20%2330unter40%20von%20%40PatientDigital%20zu%20digitaler%20Gesundheit%3A%20https%3A%2F%2Fcards.twitter.com%2Fcards%2F18ce54cupjn%2F46dhf\" target=\"_blank\" rel=\"noopener\">Zitat per Twitter teilen<\/a><\/figure>\n<p><span style=\"clear: all;\">\u00a0<\/span><\/p>\n<figure><img loading=\"lazy\" decoding=\"async\" class=\"alignnone size-thumbnail wp-image-977\" style=\"float: left; padding: 0 15px 15px 0;\" src=\"https:\/\/www.programm-gesundheit.blog\/wp-content\/uploads\/sites\/25\/2017\/05\/3-150x150.jpg\" alt=\"Dr. Cinthia Brise\u00f1o\" width=\"150\" height=\"150\" srcset=\"https:\/\/www.programm-gesundheit.blog\/wp-content\/uploads\/sites\/25\/2017\/05\/3-150x150.jpg 150w, https:\/\/www.programm-gesundheit.blog\/wp-content\/uploads\/sites\/25\/2017\/05\/3-300x300.jpg 300w, https:\/\/www.programm-gesundheit.blog\/wp-content\/uploads\/sites\/25\/2017\/05\/3.jpg 464w\" sizes=\"auto, (max-width: 150px) 100vw, 150px\" \/><strong>Dr. Cinthia Brise\u00f1o<\/strong><br \/>\nFrisk Innovation GmbH<\/p>\n<p><em>\u201eDigitale Gesundheit kann die medizinische Versorgung von Patienten revolutionieren und Menschen ges\u00fcnder altern lassen.\u201c<\/em><br \/>\n\u2013 <a href=\"https:\/\/twitter.com\/intent\/tweet?text=.%40cinthiabrise%20aus%20dem%20Expertennetzwerk%20%2330unter40%20von%20%40PatientDigital%20zu%20digitaler%20Gesundheit%3A%20https%3A%2F%2Fcards.twitter.com%2Fcards%2F18ce54cupjn%2F46dhi\" target=\"_blank\" rel=\"noopener\">Zitat per Twitter teilen<\/a><\/figure>\n<p><span style=\"clear: all;\">\u00a0<\/span><\/p>\n<figure><img loading=\"lazy\" decoding=\"async\" class=\"alignnone size-thumbnail wp-image-1046\" style=\"float: left; padding: 0 15px 15px 0;\" src=\"https:\/\/www.programm-gesundheit.blog\/wp-content\/uploads\/sites\/25\/2017\/05\/5-150x150.jpg\" alt=\"Dr. Sophie Chung\" width=\"150\" height=\"150\" srcset=\"https:\/\/www.programm-gesundheit.blog\/wp-content\/uploads\/sites\/25\/2017\/05\/5-150x150.jpg 150w, https:\/\/www.programm-gesundheit.blog\/wp-content\/uploads\/sites\/25\/2017\/05\/5-300x300.jpg 300w, https:\/\/www.programm-gesundheit.blog\/wp-content\/uploads\/sites\/25\/2017\/05\/5.jpg 464w\" sizes=\"auto, (max-width: 150px) 100vw, 150px\" \/><strong>Dr. Sophie Chung<\/strong><br \/>\nTreat &amp; Travel Medical GmbH (Qunomedical)<\/p>\n<p><em>\u201eDigitale Gesundheit braucht Geduld, Sorgfalt, Vertrauen, die richtigen rechtlichen Rahmenbedingungen und schlaue, mutige K\u00f6pfe.\u201c<\/em><br \/>\n\u2013 <a href=\"https:\/\/twitter.com\/intent\/tweet?text=.%40drsophiechung%20aus%20dem%20Expertennetzwerk%20%2330unter40%20von%20%40PatientDigital%20zu%20digitaler%20Gesundheit%3A%20https%3A%2F%2Fcards.twitter.com%2Fcards%2F18ce54cupjn%2F46dhk\" target=\"_blank\" rel=\"noopener\">Zitat per Twitter teilen<\/a><\/figure>\n<p><span style=\"clear: all;\">\u00a0<\/span><\/p>\n<figure><img loading=\"lazy\" decoding=\"async\" class=\"alignnone size-thumbnail wp-image-1047\" style=\"float: left; padding: 0 15px 15px 0;\" src=\"https:\/\/www.programm-gesundheit.blog\/wp-content\/uploads\/sites\/25\/2017\/05\/6-150x150.jpg\" alt=\"Nicole Cienskowski\" width=\"150\" height=\"150\" srcset=\"https:\/\/www.programm-gesundheit.blog\/wp-content\/uploads\/sites\/25\/2017\/05\/6-150x150.jpg 150w, https:\/\/www.programm-gesundheit.blog\/wp-content\/uploads\/sites\/25\/2017\/05\/6-300x300.jpg 300w, https:\/\/www.programm-gesundheit.blog\/wp-content\/uploads\/sites\/25\/2017\/05\/6.jpg 464w\" sizes=\"auto, (max-width: 150px) 100vw, 150px\" \/><strong>Nicole Cienskowski<\/strong><br \/>\nCapgemini<\/p>\n<p><em>\u201eDigitale Gesundheit ist die optimale Erg\u00e4nzung der konventionellen medizinischen Versorgung \u2013 intuitiv, mobil und sicher.\u201c<\/em><br \/>\n\u2013 <a href=\"https:\/\/twitter.com\/intent\/tweet?text=.%40Nicola_Ciensk%20aus%20dem%20Expertennetzwerk%20%2330unter40%20von%20%40PatientDigital%20zu%20digitaler%20Gesundheit%3A%20https%3A%2F%2Fcards.twitter.com%2Fcards%2F18ce54cupjn%2F46dhn\" target=\"_blank\" rel=\"noopener\">Zitat per Twitter teilen<\/a><\/figure>\n<p><span style=\"clear: all;\">\u00a0<\/span><\/p>\n<figure><img loading=\"lazy\" decoding=\"async\" class=\"alignnone size-thumbnail wp-image-1048\" style=\"float: left; padding: 0 15px 15px 0;\" src=\"https:\/\/www.programm-gesundheit.blog\/wp-content\/uploads\/sites\/25\/2017\/05\/7-150x150.jpg\" alt=\"Nils von Dellingshausen\" width=\"150\" height=\"150\" srcset=\"https:\/\/www.programm-gesundheit.blog\/wp-content\/uploads\/sites\/25\/2017\/05\/7-150x150.jpg 150w, https:\/\/www.programm-gesundheit.blog\/wp-content\/uploads\/sites\/25\/2017\/05\/7-300x300.jpg 300w, https:\/\/www.programm-gesundheit.blog\/wp-content\/uploads\/sites\/25\/2017\/05\/7.jpg 464w\" sizes=\"auto, (max-width: 150px) 100vw, 150px\" \/><strong>Nils von Dellingshausen<\/strong><br \/>\nBetterDoc GmbH<\/p>\n<p><em>\u201eDigitale Gesundheit braucht mehr Menschen in Krankenkassen, die wirklich etwas bewegen und zum Besseren ver\u00e4ndern wollen.\u201c<\/em><br \/>\n\u2013 <a href=\"https:\/\/twitter.com\/intent\/tweet?text=.%40NDellingshausen%20aus%20dem%20Expertennetzwerk%20%2330unter40%20von%20%40PatientDigital%20zu%20digitaler%20Gesundheit%3A%20https%3A%2F%2Fcards.twitter.com%2Fcards%2F18ce54cupjn%2F46dho\" target=\"_blank\" rel=\"noopener\">Zitat per Twitter teilen<\/a><\/figure>\n<p><span style=\"clear: all;\">\u00a0<\/span><\/p>\n<figure><img loading=\"lazy\" decoding=\"async\" class=\"alignnone size-thumbnail wp-image-1049\" style=\"float: left; padding: 0 15px 15px 0;\" src=\"https:\/\/www.programm-gesundheit.blog\/wp-content\/uploads\/sites\/25\/2017\/05\/8-150x150.jpg\" alt=\"Dr. Christoph Dockweiler\" width=\"150\" height=\"150\" srcset=\"https:\/\/www.programm-gesundheit.blog\/wp-content\/uploads\/sites\/25\/2017\/05\/8-150x150.jpg 150w, https:\/\/www.programm-gesundheit.blog\/wp-content\/uploads\/sites\/25\/2017\/05\/8-300x300.jpg 300w, https:\/\/www.programm-gesundheit.blog\/wp-content\/uploads\/sites\/25\/2017\/05\/8.jpg 466w\" sizes=\"auto, (max-width: 150px) 100vw, 150px\" \/><strong>Dr. Christoph Dockweiler<\/strong><br \/>\nUniversit\u00e4t Bielefeld<\/p>\n<p><em>\u201eDigitale Gesundheit ist ein Paradigmenwechsel, der durch die Nutzerinnen und Nutzer gestaltet werden muss.\u201c<\/em><br \/>\n\u2013 <a href=\"https:\/\/twitter.com\/intent\/tweet?text=Dr.%20Christoph%20Dockweiler%20aus%20dem%20Expertennetzwerk%20%2330unter40%20von%20%40PatientDigital%20zu%20digitaler%20Gesundheit%3A%20https%3A%2F%2Fcards.twitter.com%2Fcards%2F18ce54cupjn%2F46dhr\" target=\"_blank\" rel=\"noopener\">Zitat per Twitter teilen<\/a><\/figure>\n<p><span style=\"clear: all;\">\u00a0<\/span><\/p>\n<figure><img loading=\"lazy\" decoding=\"async\" class=\"alignnone size-thumbnail wp-image-1050\" style=\"float: left; padding: 0 15px 15px 0;\" src=\"https:\/\/www.programm-gesundheit.blog\/wp-content\/uploads\/sites\/25\/2017\/05\/9-150x150.jpg\" alt=\"Gabriel Enczmann\" width=\"150\" height=\"150\" srcset=\"https:\/\/www.programm-gesundheit.blog\/wp-content\/uploads\/sites\/25\/2017\/05\/9-150x150.jpg 150w, https:\/\/www.programm-gesundheit.blog\/wp-content\/uploads\/sites\/25\/2017\/05\/9-300x300.jpg 300w, https:\/\/www.programm-gesundheit.blog\/wp-content\/uploads\/sites\/25\/2017\/05\/9.jpg 464w\" sizes=\"auto, (max-width: 150px) 100vw, 150px\" \/><strong>Gabriel Enczmann<\/strong><br \/>\nmySugr GmbH<\/p>\n<p><em>\u201eDigitale Gesundheit kann wie ein Arzneimittel wirken und den therapeutischen Outcome des Patienten positiv beeinflussen.\u201c<\/em><br \/>\n\u2013 <a href=\"https:\/\/twitter.com\/intent\/tweet?text=.%40GabrielEnczmann%20aus%20dem%20Expertennetzwerk%20%2330unter40%20von%20%40PatientDigital%20zu%20digitaler%20Gesundheit%3A%20https%3A%2F%2Fcards.twitter.com%2Fcards%2F18ce54cupjn%2F46dhs\" target=\"_blank\" rel=\"noopener\">Zitat per Twitter teilen<\/a><\/figure>\n<p><span style=\"clear: all;\">\u00a0<\/span><\/p>\n<figure><img loading=\"lazy\" decoding=\"async\" class=\"alignnone size-thumbnail wp-image-1051\" style=\"float: left; padding: 0 15px 15px 0;\" src=\"https:\/\/www.programm-gesundheit.blog\/wp-content\/uploads\/sites\/25\/2017\/05\/10-150x150.jpg\" alt=\"Sebastian Gaede\" width=\"150\" height=\"150\" srcset=\"https:\/\/www.programm-gesundheit.blog\/wp-content\/uploads\/sites\/25\/2017\/05\/10-150x150.jpg 150w, https:\/\/www.programm-gesundheit.blog\/wp-content\/uploads\/sites\/25\/2017\/05\/10-300x300.jpg 300w, https:\/\/www.programm-gesundheit.blog\/wp-content\/uploads\/sites\/25\/2017\/05\/10.jpg 464w\" sizes=\"auto, (max-width: 150px) 100vw, 150px\" \/><strong>Sebastian Gaede<\/strong><br \/>\nSmartpatient GmbH<\/p>\n<p><em>\u201eDigitale Gesundheit kann Therapien, Kommunikation und Abl\u00e4ufe f\u00fcr Patient und Arzt benutzerfreundlicher und effektiver machen.\u201c<\/em><br \/>\n\u2013 <a href=\"https:\/\/twitter.com\/intent\/tweet?text=.%40SebastianGaede%20aus%20dem%20Expertennetzwerk%20%2330unter40%20von%20%40PatientDigital%20zu%20digitaler%20Gesundheit%3A%20https%3A%2F%2Fcards.twitter.com%2Fcards%2F18ce54cupjn%2F46dhu\" target=\"_blank\" rel=\"noopener\">Zitat per Twitter teilen<\/a><\/figure>\n<p><span style=\"clear: all;\">\u00a0<\/span><\/p>\n<figure><img loading=\"lazy\" decoding=\"async\" class=\"alignnone size-thumbnail wp-image-1052\" style=\"float: left; padding: 0 15px 15px 0;\" src=\"https:\/\/www.programm-gesundheit.blog\/wp-content\/uploads\/sites\/25\/2017\/05\/11-150x150.jpg\" alt=\"Tobias Grawinkel\" width=\"150\" height=\"150\" srcset=\"https:\/\/www.programm-gesundheit.blog\/wp-content\/uploads\/sites\/25\/2017\/05\/11-150x150.jpg 150w, https:\/\/www.programm-gesundheit.blog\/wp-content\/uploads\/sites\/25\/2017\/05\/11-300x300.jpg 300w, https:\/\/www.programm-gesundheit.blog\/wp-content\/uploads\/sites\/25\/2017\/05\/11.jpg 464w\" sizes=\"auto, (max-width: 150px) 100vw, 150px\" \/><strong>Tobias Grawinkel<\/strong><br \/>\neHealth Consultant<\/p>\n<p><em>\u201eDigitale Gesundheit kann Ineffizienzen in der Gesundheitsversorgung reduzieren und das System langfristig bezahlbar machen.\u201c<\/em><br \/>\n\u2013 <a href=\"https:\/\/twitter.com\/intent\/tweet?text=.%40grawinkel%20aus%20dem%20Expertennetzwerk%20%2330unter40%20von%20%40PatientDigital%20zu%20digitaler%20Gesundheit%3A%20https%3A%2F%2Fcards.twitter.com%2Fcards%2F18ce54cupjn%2F46dhw\" target=\"_blank\" rel=\"noopener\">Zitat per Twitter teilen<\/a><\/figure>\n<p><span style=\"clear: all;\">\u00a0<\/span><\/p>\n<figure><img loading=\"lazy\" decoding=\"async\" class=\"alignnone size-thumbnail wp-image-1026\" style=\"float: left; padding: 0 15px 15px 0;\" src=\"https:\/\/www.programm-gesundheit.blog\/wp-content\/uploads\/sites\/25\/2017\/05\/12-150x150.jpg\" alt=\"Bastian Hauck\" width=\"150\" height=\"150\" srcset=\"https:\/\/www.programm-gesundheit.blog\/wp-content\/uploads\/sites\/25\/2017\/05\/12-150x150.jpg 150w, https:\/\/www.programm-gesundheit.blog\/wp-content\/uploads\/sites\/25\/2017\/05\/12-300x300.jpg 300w, https:\/\/www.programm-gesundheit.blog\/wp-content\/uploads\/sites\/25\/2017\/05\/12.jpg 464w\" sizes=\"auto, (max-width: 150px) 100vw, 150px\" \/><strong>Bastian Hauck<\/strong><br \/>\nDiabetes-Community #dedoc<\/p>\n<p><em>\u201eDigitale Gesundheit braucht einen kritisch-konstruktiven, offenen Umgang mit neuen, disruptiven Versorgungsmodellen.\u201c<\/em><br \/>\n\u2013 <a href=\"https:\/\/twitter.com\/intent\/tweet?text=.%40tadorna%20aus%20dem%20Expertennetzwerk%20%2330unter40%20von%20%40PatientDigital%20zu%20digitaler%20Gesundheit%3A%20https%3A%2F%2Fcards.twitter.com%2Fcards%2F18ce54cupjn%2F46dhx\" target=\"_blank\" rel=\"noopener\">Zitat per Twitter teilen<\/a><\/figure>\n<p><span style=\"clear: all;\">\u00a0<\/span><\/p>\n<figure><img loading=\"lazy\" decoding=\"async\" class=\"alignnone size-thumbnail wp-image-1027\" style=\"float: left; padding: 0 15px 15px 0;\" src=\"https:\/\/www.programm-gesundheit.blog\/wp-content\/uploads\/sites\/25\/2017\/05\/13-150x150.jpg\" alt=\"Dr. Johannes Jacubeit\" width=\"150\" height=\"150\" srcset=\"https:\/\/www.programm-gesundheit.blog\/wp-content\/uploads\/sites\/25\/2017\/05\/13-150x150.jpg 150w, https:\/\/www.programm-gesundheit.blog\/wp-content\/uploads\/sites\/25\/2017\/05\/13-300x300.jpg 300w, https:\/\/www.programm-gesundheit.blog\/wp-content\/uploads\/sites\/25\/2017\/05\/13.jpg 464w\" sizes=\"auto, (max-width: 150px) 100vw, 150px\" \/><strong>Dr. Johannes Jacubeit<\/strong><br \/>\nconnected-health.eu GmbH<\/p>\n<p><em>\u201eDigitale Gesundheit ist einer der gr\u00f6\u00dften Paradigmen-Shifts in der Geschichte der Menschheit.\u201c<\/em><br \/>\n\u2013 <a href=\"https:\/\/twitter.com\/intent\/tweet?text=.%40Jacubeit%20aus%20dem%20Expertennetzwerk%20%2330unter40%20von%20%40PatientDigital%20zu%20digitaler%20Gesundheit%3A%20https%3A%2F%2Fcards.twitter.com%2Fcards%2F18ce54cupjn%2F46dhy\" target=\"_blank\" rel=\"noopener\">Zitat per Twitter teilen<\/a><\/figure>\n<p><span style=\"clear: all;\">\u00a0<\/span><\/p>\n<figure><img loading=\"lazy\" decoding=\"async\" class=\"alignnone size-thumbnail wp-image-1029\" style=\"float: left; padding: 0 15px 15px 0;\" src=\"https:\/\/www.programm-gesundheit.blog\/wp-content\/uploads\/sites\/25\/2017\/05\/15-150x150.jpg\" alt=\"Dr. Emil Kendziorra\" width=\"150\" height=\"150\" srcset=\"https:\/\/www.programm-gesundheit.blog\/wp-content\/uploads\/sites\/25\/2017\/05\/15-150x150.jpg 150w, https:\/\/www.programm-gesundheit.blog\/wp-content\/uploads\/sites\/25\/2017\/05\/15-300x300.jpg 300w, https:\/\/www.programm-gesundheit.blog\/wp-content\/uploads\/sites\/25\/2017\/05\/15.jpg 464w\" sizes=\"auto, (max-width: 150px) 100vw, 150px\" \/><strong>Dr. Emil Kendziorra<\/strong><br \/>\nMedlanes GmbH<\/p>\n<p><em>\u201eDigitale Gesundheit kann hochqualifizierte Medizin leichter erreichbar, effizienter und kosteng\u00fcnstiger machen.\u201c<\/em><br \/>\n\u2013 <a href=\"https:\/\/twitter.com\/intent\/tweet?text=.%40emilkendziorra%20aus%20dem%20Expertennetzwerk%20%2330unter40%20von%20%40PatientDigital%20zu%20digitaler%20Gesundheit%3A%20https%3A%2F%2Fcards.twitter.com%2Fcards%2F18ce54cupjn%2F46di3\" target=\"_blank\" rel=\"noopener\">Zitat per Twitter teilen<\/a><\/figure>\n<p><span style=\"clear: all;\">\u00a0<\/span><\/p>\n<figure><img loading=\"lazy\" decoding=\"async\" class=\"alignnone size-thumbnail wp-image-1030\" style=\"float: left; padding: 0 15px 15px 0;\" src=\"https:\/\/www.programm-gesundheit.blog\/wp-content\/uploads\/sites\/25\/2017\/05\/16-150x150.jpg\" alt=\"Min-Sung Sean Kim\" width=\"150\" height=\"150\" srcset=\"https:\/\/www.programm-gesundheit.blog\/wp-content\/uploads\/sites\/25\/2017\/05\/16-150x150.jpg 150w, https:\/\/www.programm-gesundheit.blog\/wp-content\/uploads\/sites\/25\/2017\/05\/16-300x300.jpg 300w, https:\/\/www.programm-gesundheit.blog\/wp-content\/uploads\/sites\/25\/2017\/05\/16.jpg 464w\" sizes=\"auto, (max-width: 150px) 100vw, 150px\" \/><strong>Min-Sung Sean Kim<\/strong><br \/>\nAllianz Ventures, Digital Health<\/p>\n<p><em>\u201eMit der Gr\u00fcndung eines Digital-Health-Startups geht die Verpflichtung einher, einen positiven Impact auf die Gesundheit der Gesellschaft zu haben.\u201c<\/em><br \/>\n\u2013 <a href=\"https:\/\/twitter.com\/intent\/tweet?text=.%40minsungseankim%20aus%20dem%20Expertennetzwerk%20%2330unter40%20von%20%40PatientDigital%20zu%20digitaler%20Gesundheit%3A%20https%3A%2F%2Fcards.twitter.com%2Fcards%2F18ce54cupjn%2F46di4\" target=\"_blank\" rel=\"noopener\">Zitat per Twitter teilen<\/a><\/figure>\n<p><span style=\"clear: all;\">\u00a0<\/span><\/p>\n<figure><img loading=\"lazy\" decoding=\"async\" class=\"alignnone size-thumbnail wp-image-1031\" style=\"float: left; padding: 0 15px 15px 0;\" src=\"https:\/\/www.programm-gesundheit.blog\/wp-content\/uploads\/sites\/25\/2017\/05\/17-150x150.jpg\" alt=\"J\u00f6rg Land\" width=\"150\" height=\"150\" srcset=\"https:\/\/www.programm-gesundheit.blog\/wp-content\/uploads\/sites\/25\/2017\/05\/17-150x150.jpg 150w, https:\/\/www.programm-gesundheit.blog\/wp-content\/uploads\/sites\/25\/2017\/05\/17-300x300.jpg 300w, https:\/\/www.programm-gesundheit.blog\/wp-content\/uploads\/sites\/25\/2017\/05\/17.jpg 464w\" sizes=\"auto, (max-width: 150px) 100vw, 150px\" \/><strong>J\u00f6rg Land<\/strong><br \/>\nSonormed GmbH (Tinnitracks)<\/p>\n<p><em>\u201eDigitale Gesundheit braucht Standards, Prozesse und Messbarkeit f\u00fcr einen erfolgreichen Marktzugang.\u201c<\/em><br \/>\n\u2013 <a href=\"https:\/\/twitter.com\/intent\/tweet?text=.%40JoergLand%20aus%20dem%20Expertennetzwerk%20%2330unter40%20von%20%40PatientDigital%20zu%20digitaler%20Gesundheit%3A%20https%3A%2F%2Fcards.twitter.com%2Fcards%2F18ce54cupjn%2F46di7\" target=\"_blank\" rel=\"noopener\">Zitat per Twitter teilen<\/a><\/figure>\n<p><span style=\"clear: all;\">\u00a0<\/span><\/p>\n<figure><img loading=\"lazy\" decoding=\"async\" class=\"alignnone size-thumbnail wp-image-1032\" style=\"float: left; padding: 0 15px 15px 0;\" src=\"https:\/\/www.programm-gesundheit.blog\/wp-content\/uploads\/sites\/25\/2017\/05\/18-150x150.jpg\" alt=\"Dr. Shari Langemak\" width=\"150\" height=\"150\" srcset=\"https:\/\/www.programm-gesundheit.blog\/wp-content\/uploads\/sites\/25\/2017\/05\/18-150x150.jpg 150w, https:\/\/www.programm-gesundheit.blog\/wp-content\/uploads\/sites\/25\/2017\/05\/18-300x300.jpg 300w, https:\/\/www.programm-gesundheit.blog\/wp-content\/uploads\/sites\/25\/2017\/05\/18.jpg 464w\" sizes=\"auto, (max-width: 150px) 100vw, 150px\" \/><strong>Dr. Shari Langemak<\/strong><br \/>\ncereneo<\/p>\n<p><em>\u201eDigitale Gesundheit kann Patienten st\u00e4rken, \u00c4rzte entlasten, Kosten senken und die Qualit\u00e4t der Versorgung steigern.\u201c<\/em><br \/>\n\u2013 <a href=\"https:\/\/twitter.com\/intent\/tweet?text=.%40slangemak%20aus%20dem%20Expertennetzwerk%20%2330unter40%20von%20%40PatientDigital%20zu%20digitaler%20Gesundheit%3A%20https%3A%2F%2Fcards.twitter.com%2Fcards%2F18ce54cupjn%2F46di9\" target=\"_blank\" rel=\"noopener\">Zitat per Twitter teilen<\/a><\/figure>\n<p><span style=\"clear: all;\">\u00a0<\/span><\/p>\n<figure><img loading=\"lazy\" decoding=\"async\" class=\"alignnone size-thumbnail wp-image-1033\" style=\"float: left; padding: 0 15px 15px 0;\" src=\"https:\/\/www.programm-gesundheit.blog\/wp-content\/uploads\/sites\/25\/2017\/05\/19-150x150.jpg\" alt=\"Henrik Matthies\" width=\"150\" height=\"150\" srcset=\"https:\/\/www.programm-gesundheit.blog\/wp-content\/uploads\/sites\/25\/2017\/05\/19-150x150.jpg 150w, https:\/\/www.programm-gesundheit.blog\/wp-content\/uploads\/sites\/25\/2017\/05\/19-300x300.jpg 300w, https:\/\/www.programm-gesundheit.blog\/wp-content\/uploads\/sites\/25\/2017\/05\/19.jpg 464w\" sizes=\"auto, (max-width: 150px) 100vw, 150px\" \/><strong>Dr. Henrik Matthies<\/strong><br \/>\nMimi Hearing Technologies GmbH<\/p>\n<p><em>\u201eDigitale Gesundheit braucht ein daran interessiertes Gesundheitssystem, und eine Diskussion, die von Chancen statt \u00c4ngsten geleitet ist.\u201c<\/em><br \/>\n\u2013 <a href=\"https:\/\/twitter.com\/intent\/tweet?text=.%40HerrMatthies%20aus%20dem%20Expertennetzwerk%20%2330unter40%20von%20%40PatientDigital%20zu%20digitaler%20Gesundheit%3A%20https%3A%2F%2Fcards.twitter.com%2Fcards%2F18ce54cupjn%2F46dia\" target=\"_blank\" rel=\"noopener\">Zitat per Twitter teilen<\/a><\/figure>\n<p><span style=\"clear: all;\">\u00a0<\/span><\/p>\n<figure><img loading=\"lazy\" decoding=\"async\" class=\"alignnone size-thumbnail wp-image-1034\" style=\"float: left; padding: 0 15px 15px 0;\" src=\"https:\/\/www.programm-gesundheit.blog\/wp-content\/uploads\/sites\/25\/2017\/05\/20-150x150.jpg\" alt=\"Tobias Meixner\" width=\"150\" height=\"150\" srcset=\"https:\/\/www.programm-gesundheit.blog\/wp-content\/uploads\/sites\/25\/2017\/05\/20-150x150.jpg 150w, https:\/\/www.programm-gesundheit.blog\/wp-content\/uploads\/sites\/25\/2017\/05\/20-300x300.jpg 300w, https:\/\/www.programm-gesundheit.blog\/wp-content\/uploads\/sites\/25\/2017\/05\/20.jpg 464w\" sizes=\"auto, (max-width: 150px) 100vw, 150px\" \/><strong>Tobias Meixner<\/strong><br \/>\nHelios Kliniken<\/p>\n<p><em>\u201eDigitale Gesundheit ist die Idee patientenzentrierter nahtloser Integration optimaler Diagnostik, Therapie und Pr\u00e4vention.\u201c<\/em><br \/>\n\u2013 <a href=\"https:\/\/twitter.com\/intent\/tweet?text=.%40_tmx%20aus%20dem%20Expertennetzwerk%20%2330unter40%20von%20%40PatientDigital%20zu%20digitaler%20Gesundheit%3A%20https%3A%2F%2Fcards.twitter.com%2Fcards%2F18ce54cupjn%2F46dic\" target=\"_blank\" rel=\"noopener\">Zitat per Twitter teilen<\/a><\/figure>\n<p><span style=\"clear: all;\">\u00a0<\/span><\/p>\n<figure><img loading=\"lazy\" decoding=\"async\" class=\"alignnone size-thumbnail wp-image-1035\" style=\"float: left; padding: 0 15px 15px 0;\" src=\"https:\/\/www.programm-gesundheit.blog\/wp-content\/uploads\/sites\/25\/2017\/05\/21-150x150.jpg\" alt=\"Martin U. M\u00fcller\" width=\"150\" height=\"150\" srcset=\"https:\/\/www.programm-gesundheit.blog\/wp-content\/uploads\/sites\/25\/2017\/05\/21-150x150.jpg 150w, https:\/\/www.programm-gesundheit.blog\/wp-content\/uploads\/sites\/25\/2017\/05\/21-300x300.jpg 300w, https:\/\/www.programm-gesundheit.blog\/wp-content\/uploads\/sites\/25\/2017\/05\/21.jpg 464w\" sizes=\"auto, (max-width: 150px) 100vw, 150px\" \/><strong>Martin U. M\u00fcller<\/strong><br \/>\nDER SPIEGEL<\/p>\n<p><em>\u201eDigitale Gesundheit kann ein machtvolles Instrument sein, bisher unl\u00f6sbare Aufgaben in der Medizin zu meistern.\u201c<\/em><br \/>\n\u2013 <a href=\"https:\/\/twitter.com\/intent\/tweet?text=.%40MartinUMueller%20aus%20dem%20Expertennetzwerk%20%2330unter40%20von%20%40PatientDigital%20zu%20digitaler%20Gesundheit%3A%20https%3A%2F%2Fcards.twitter.com%2Fcards%2F18ce54cupjn%2F46did\" target=\"_blank\" rel=\"noopener\">Zitat per Twitter teilen<\/a><\/figure>\n<p><span style=\"clear: all;\">\u00a0<\/span><\/p>\n<figure><img loading=\"lazy\" decoding=\"async\" class=\"alignnone size-thumbnail wp-image-1036\" style=\"float: left; padding: 0 15px 15px 0;\" src=\"https:\/\/www.programm-gesundheit.blog\/wp-content\/uploads\/sites\/25\/2017\/05\/22-150x150.jpg\" alt=\"Jonas Pendzialek\" width=\"150\" height=\"150\" srcset=\"https:\/\/www.programm-gesundheit.blog\/wp-content\/uploads\/sites\/25\/2017\/05\/22-150x150.jpg 150w, https:\/\/www.programm-gesundheit.blog\/wp-content\/uploads\/sites\/25\/2017\/05\/22-300x300.jpg 300w, https:\/\/www.programm-gesundheit.blog\/wp-content\/uploads\/sites\/25\/2017\/05\/22.jpg 464w\" sizes=\"auto, (max-width: 150px) 100vw, 150px\" \/><strong>Dr. Jonas Pendzialek<\/strong><br \/>\nTechniker Krankenkasse<\/p>\n<p><em>\u201eDigitale Gesundheit braucht einen klaren Beweis von Nutzen und Wirtschaftlichkeit, vertrauensw\u00fcrdigen Datenschutz und Akzeptanzgewinn.\u201c<\/em><br \/>\n\u2013 <a href=\"https:\/\/twitter.com\/intent\/tweet?text=.%40JonasPendzialek%20aus%20dem%20Expertennetzwerk%20%2330unter40%20von%20%40PatientDigital%20zu%20digitaler%20Gesundheit%3A%20https%3A%2F%2Fcards.twitter.com%2Fcards%2F18ce54cupjn%2F46dif\" target=\"_blank\" rel=\"noopener\">Zitat per Twitter teilen<\/a><\/figure>\n<p><span style=\"clear: all;\">\u00a0<\/span><\/p>\n<figure><img loading=\"lazy\" decoding=\"async\" class=\"alignnone size-thumbnail wp-image-1037\" style=\"float: left; padding: 0 15px 15px 0;\" src=\"https:\/\/www.programm-gesundheit.blog\/wp-content\/uploads\/sites\/25\/2017\/05\/23-150x150.jpg\" alt=\"Dr. Patrick Pfeffer\" width=\"150\" height=\"150\" srcset=\"https:\/\/www.programm-gesundheit.blog\/wp-content\/uploads\/sites\/25\/2017\/05\/23-150x150.jpg 150w, https:\/\/www.programm-gesundheit.blog\/wp-content\/uploads\/sites\/25\/2017\/05\/23-300x300.jpg 300w, https:\/\/www.programm-gesundheit.blog\/wp-content\/uploads\/sites\/25\/2017\/05\/23.jpg 464w\" sizes=\"auto, (max-width: 150px) 100vw, 150px\" \/><strong>Dr. Patrick Pfeffer<\/strong><br \/>\nAescuvest GmbH<\/p>\n<p><em>\u201eDigitale Gesundheit kann und wird die Medizin von morgen sowohl effizienter als auch effektiver machen.\u201c<\/em><br \/>\n\u2013 <a href=\"https:\/\/twitter.com\/intent\/tweet?text=Dr.%20Patrick%20Pfeffer%20aus%20dem%20Expertennetzwerk%20%2330unter40%20von%20%40PatientDigital%20zu%20digitaler%20Gesundheit%3A%20https%3A%2F%2Fcards.twitter.com%2Fcards%2F18ce54cupjn%2F46dih\" target=\"_blank\" rel=\"noopener\">Zitat per Twitter teilen<\/a><\/figure>\n<p><span style=\"clear: all;\">\u00a0<\/span><\/p>\n<figure><img loading=\"lazy\" decoding=\"async\" class=\"alignnone size-thumbnail wp-image-1038\" style=\"float: left; padding: 0 15px 15px 0;\" src=\"https:\/\/www.programm-gesundheit.blog\/wp-content\/uploads\/sites\/25\/2017\/05\/24-150x150.jpg\" alt=\"Monika Pobiruchin\" width=\"150\" height=\"150\" srcset=\"https:\/\/www.programm-gesundheit.blog\/wp-content\/uploads\/sites\/25\/2017\/05\/24-150x150.jpg 150w, https:\/\/www.programm-gesundheit.blog\/wp-content\/uploads\/sites\/25\/2017\/05\/24-300x300.jpg 300w, https:\/\/www.programm-gesundheit.blog\/wp-content\/uploads\/sites\/25\/2017\/05\/24.jpg 464w\" sizes=\"auto, (max-width: 150px) 100vw, 150px\" \/><strong>Dr. Monika Pobiruchin<\/strong><br \/>\nHochschule Heilbronn<\/p>\n<p><em>\u201eDigitale Gesundheit braucht akzeptierte Standards, kommunikationsbereite Stakeholder und Teamgeist aller Beteiligten.\u201c<\/em><br \/>\n\u2013 <a href=\"https:\/\/twitter.com\/intent\/tweet?text=.%40MPobiru%20aus%20dem%20Expertennetzwerk%20%2330unter40%20von%20%40PatientDigital%20zu%20digitaler%20Gesundheit%3A%20https%3A%2F%2Fcards.twitter.com%2Fcards%2F18ce54cupjn%2F46dii\" target=\"_blank\" rel=\"noopener\">Zitat per Twitter teilen<\/a><\/figure>\n<p><span style=\"clear: all;\">\u00a0<\/span><\/p>\n<figure><img loading=\"lazy\" decoding=\"async\" class=\"alignnone size-thumbnail wp-image-1061\" style=\"float: left; padding: 0 15px 15px 0;\" src=\"https:\/\/www.programm-gesundheit.blog\/wp-content\/uploads\/sites\/25\/2017\/05\/31-150x150.jpg\" alt=\"Stefan Prasse\" width=\"150\" height=\"150\" srcset=\"https:\/\/www.programm-gesundheit.blog\/wp-content\/uploads\/sites\/25\/2017\/05\/31-150x150.jpg 150w, https:\/\/www.programm-gesundheit.blog\/wp-content\/uploads\/sites\/25\/2017\/05\/31-300x300.jpg 300w, https:\/\/www.programm-gesundheit.blog\/wp-content\/uploads\/sites\/25\/2017\/05\/31.jpg 464w\" sizes=\"auto, (max-width: 150px) 100vw, 150px\" \/><strong>Stefan Prasse<\/strong><br \/>\nMobile Retter e.V.<\/p>\n<p><em>\u201eDigitale Gesundheit f\u00fchrt schneller, effektiver und zielgerichteter zu besserer Gesundheit. Das gilt sowohl in Pr\u00e4vention als auch in der Therapie.\u201c<\/em><br \/>\n\u2013 <a href=\"https:\/\/twitter.com\/intent\/tweet?text=.%40stefanprasse%20aus%20dem%20Expertennetzwerk%20%2330unter40%20von%20%40PatientDigital%20zu%20digitaler%20Gesundheit%3A%20https%3A%2F%2Fcards.twitter.com%2Fcards%2F18ce54cupjn%2F46d6z\" target=\"_blank\" rel=\"noopener\">Zitat per Twitter teilen<\/a><\/figure>\n<p><span style=\"clear: all;\">\u00a0<\/span><\/p>\n<figure><img loading=\"lazy\" decoding=\"async\" class=\"alignnone size-thumbnail wp-image-1039\" style=\"float: left; padding: 0 15px 15px 0;\" src=\"https:\/\/www.programm-gesundheit.blog\/wp-content\/uploads\/sites\/25\/2017\/05\/25-150x150.jpg\" alt=\"Sebastian Riebandt\" width=\"150\" height=\"150\" \/><strong>Sebastian Riebandt<\/strong><br \/>\nHochschule f\u00fcr Gesundheit Bochum<\/p>\n<p><em>\u201eDigitale Gesundheit ist eine notwendige Weiterentwicklung bestehender Versorgungsangebote in einer sich wandelnden Gesellschaft.\u201c<\/em><br \/>\n\u2013 <a href=\"https:\/\/twitter.com\/intent\/tweet?text=.%40ithinkcare%20aus%20dem%20Expertennetzwerk%20%2330unter40%20von%20%40PatientDigital%20zu%20digitaler%20Gesundheit%3A%20https%3A%2F%2Fcards.twitter.com%2Fcards%2F18ce54cupjn%2F46dik\" target=\"_blank\" rel=\"noopener\">Zitat per Twitter teilen<\/a><\/figure>\n<p><span style=\"clear: all;\">\u00a0<\/span><\/p>\n<figure><img loading=\"lazy\" decoding=\"async\" class=\"alignnone size-thumbnail wp-image-1040\" style=\"float: left; padding: 0 15px 15px 0;\" src=\"https:\/\/www.programm-gesundheit.blog\/wp-content\/uploads\/sites\/25\/2017\/05\/26-150x150.jpg\" alt=\"Yannik Schreckenberger\" width=\"150\" height=\"150\" srcset=\"https:\/\/www.programm-gesundheit.blog\/wp-content\/uploads\/sites\/25\/2017\/05\/26-150x150.jpg 150w, https:\/\/www.programm-gesundheit.blog\/wp-content\/uploads\/sites\/25\/2017\/05\/26-300x300.jpg 300w, https:\/\/www.programm-gesundheit.blog\/wp-content\/uploads\/sites\/25\/2017\/05\/26.jpg 464w\" sizes=\"auto, (max-width: 150px) 100vw, 150px\" \/><strong>Yannik Schreckenberger<\/strong><br \/>\nHRTBT Medical Solutions GmbH<\/p>\n<p><em>\u201eDigitale Gesundheit braucht den Mut, gedachte Grenzen hinter sich zu lassen und klare Daten zur Erfolgsmessung digitaler Ans\u00e4tze.\u201c<\/em><br \/>\n\u2013 <a href=\"https:\/\/twitter.com\/intent\/tweet?text=.%40YSchre%20aus%20dem%20Expertennetzwerk%20%2330unter40%20von%20%40PatientDigital%20zu%20digitaler%20Gesundheit%3A%20https%3A%2F%2Fcards.twitter.com%2Fcards%2F18ce54cupjn%2F46dil\" target=\"_blank\" rel=\"noopener\">Zitat per Twitter teilen<\/a><\/figure>\n<p><span style=\"clear: all;\">\u00a0<\/span><\/p>\n<figure><img loading=\"lazy\" decoding=\"async\" class=\"alignnone size-thumbnail wp-image-1041\" style=\"float: left; padding: 0 15px 15px 0;\" src=\"https:\/\/www.programm-gesundheit.blog\/wp-content\/uploads\/sites\/25\/2017\/05\/27-150x150.jpg\" alt=\"Florian Schumacher\" width=\"150\" height=\"150\" srcset=\"https:\/\/www.programm-gesundheit.blog\/wp-content\/uploads\/sites\/25\/2017\/05\/27-150x150.jpg 150w, https:\/\/www.programm-gesundheit.blog\/wp-content\/uploads\/sites\/25\/2017\/05\/27-300x300.jpg 300w, https:\/\/www.programm-gesundheit.blog\/wp-content\/uploads\/sites\/25\/2017\/05\/27.jpg 464w\" sizes=\"auto, (max-width: 150px) 100vw, 150px\" \/><strong>Florian Schumacher<\/strong><br \/>\nigrowdigital.com \/ iic-solutions<\/p>\n<p><em>\u201eDigitale Gesundheit braucht konstruktives Denken bei der Realisierung von Innovationspotentialen.\u201c<\/em><br \/>\n\u2013 <a href=\"https:\/\/twitter.com\/intent\/tweet?text=.%40igrowdigital%20aus%20dem%20Expertennetzwerk%20%2330unter40%20von%20%40PatientDigital%20zu%20digitaler%20Gesundheit%3A%20https%3A%2F%2Fcards.twitter.com%2Fcards%2F18ce54cupjn%2F46din\" target=\"_blank\" rel=\"noopener\">Zitat per Twitter teilen<\/a><\/figure>\n<p><span style=\"clear: all;\">\u00a0<\/span><\/p>\n<figure><img loading=\"lazy\" decoding=\"async\" class=\"alignnone size-thumbnail wp-image-1043\" style=\"float: left; padding: 0 15px 15px 0;\" src=\"https:\/\/www.programm-gesundheit.blog\/wp-content\/uploads\/sites\/25\/2017\/05\/29-150x150.jpg\" alt=\"Dr. Stefan Waller\" width=\"150\" height=\"150\" srcset=\"https:\/\/www.programm-gesundheit.blog\/wp-content\/uploads\/sites\/25\/2017\/05\/29-150x150.jpg 150w, https:\/\/www.programm-gesundheit.blog\/wp-content\/uploads\/sites\/25\/2017\/05\/29-300x300.jpg 300w, https:\/\/www.programm-gesundheit.blog\/wp-content\/uploads\/sites\/25\/2017\/05\/29.jpg 464w\" sizes=\"auto, (max-width: 150px) 100vw, 150px\" \/><strong>Dr. Stefan Waller<\/strong><br \/>\nDr. Heart<\/p>\n<p><em>\u201eDigitale Gesundheit braucht Menschen mit kreativen Ideen und vor allem ein konstruktives Miteinander der verschiedenen Akteure.\u201c<\/em><br \/>\n\u2013 <a href=\"https:\/\/twitter.com\/intent\/tweet?text=.%40wallerstefan%20aus%20dem%20Expertennetzwerk%20%2330unter40%20von%20%40PatientDigital%20zu%20digitaler%20Gesundheit%3A%20https%3A%2F%2Fcards.twitter.com%2Fcards%2F18ce54cupjn%2F46dir\" target=\"_blank\" rel=\"noopener\">Zitat per Twitter teilen<\/a><\/figure>\n<p><span style=\"clear: all;\">\u00a0<\/span><\/p>\n<figure><img loading=\"lazy\" decoding=\"async\" class=\"alignnone size-thumbnail wp-image-1044\" style=\"float: left; padding: 0 15px 15px 0;\" src=\"https:\/\/www.programm-gesundheit.blog\/wp-content\/uploads\/sites\/25\/2017\/05\/30-150x150.jpg\" alt=\"Dr. Johannes Wimmer\" width=\"150\" height=\"150\" srcset=\"https:\/\/www.programm-gesundheit.blog\/wp-content\/uploads\/sites\/25\/2017\/05\/30-150x150.jpg 150w, https:\/\/www.programm-gesundheit.blog\/wp-content\/uploads\/sites\/25\/2017\/05\/30-300x300.jpg 300w, https:\/\/www.programm-gesundheit.blog\/wp-content\/uploads\/sites\/25\/2017\/05\/30.jpg 464w\" sizes=\"auto, (max-width: 150px) 100vw, 150px\" \/><strong>Dr. Johannes Wimmer<\/strong><br \/>\nUniversit\u00e4tsklinikum Hamburg-Eppendorf<\/p>\n<p><em>\u201eDigitale Gesundheit braucht Menschen, die sich nicht von den aktuellen Spielregeln einschr\u00e4nken lassen.\u201c<\/em><br \/>\n\u2013 <a href=\"https:\/\/twitter.com\/intent\/tweet?text=.%40DrJWimmer%20aus%20dem%20Expertennetzwerk%20%2330unter40%20von%20%40PatientDigital%20zu%20digitaler%20Gesundheit%3A%20https%3A%2F%2Fcards.twitter.com%2Fcards%2F18ce54cupjn%2F46dis\" target=\"_blank\" rel=\"noopener\">Zitat per Twitter teilen<\/a><\/figure>\n<p><span style=\"clear: all;\">\u00a0<\/span><\/p>\n<figure><img loading=\"lazy\" decoding=\"async\" class=\"alignnone size-thumbnail wp-image-1712\" style=\"float: left; padding: 0 15px 15px 0;\" src=\"https:\/\/www.programm-gesundheit.blog\/wp-content\/uploads\/sites\/25\/2017\/12\/32-150x150.jpg\" alt=\"Lisa Witte-Stremmel\" width=\"150\" height=\"150\" srcset=\"https:\/\/www.programm-gesundheit.blog\/wp-content\/uploads\/sites\/25\/2017\/12\/32-150x150.jpg 150w, https:\/\/www.programm-gesundheit.blog\/wp-content\/uploads\/sites\/25\/2017\/12\/32-300x300.jpg 300w, https:\/\/www.programm-gesundheit.blog\/wp-content\/uploads\/sites\/25\/2017\/12\/32.jpg 464w\" sizes=\"auto, (max-width: 150px) 100vw, 150px\" \/><strong>Lisa Witte-Stremmel<\/strong><br \/>\nBundesministerium f\u00fcr Gesundheit<\/p>\n<p><em>\u201eDigitalisierung ist kein Selbstzweck, sondern muss f\u00fcr die PatientInnen eine bessere Versorgung und f\u00fcr \u00c4rztInnen eine Unterst\u00fctzung ihrer Arbeit erm\u00f6glichen.\u201c<\/em><br \/>\n\u2013 <a href=\"https:\/\/twitter.com\/intent\/tweet?text=Lisa%20Witte-Stremmel%20aus%20dem%20Expertennetzwerk%20%2330unter40%20von%20%40PatientDigital%20zu%20digitaler%20Gesundheit%3A%20https%3A%2F%2Fcards.twitter.com%2Fcards%2F18ce54cupjn%2F55e7c\" target=\"_blank\" rel=\"noopener\">Zitat per Twitter teilen<\/a><\/figure>\n<p><span style=\"clear: all;\">\u00a0<\/span><\/p>\n","protected":false},"excerpt":{"rendered":"<p>The \u201c30 under 40\u201d expert network is accompanying the Digital Patient project by providing fresh input and broadening the scope of issues, opinions and future developments to consider in digital health. The network is comprised of 30 young thought leaders with diverse backgrounds \u2013 from startups to service providers and cost-bearers to scientists, journalists, policymakers [&hellip;]<\/p>\n","protected":false},"author":150,"featured_media":7520,"parent":0,"menu_order":0,"comment_status":"closed","ping_status":"closed","template":"","meta":{"_acf_changed":false,"footnotes":""},"class_list":["post-2548","page","type-page","status-publish","has-post-thumbnail","hentry"],"acf":[],"yoast_head":"<!-- This site is optimized with the Yoast SEO plugin v24.2 - https:\/\/yoast.com\/wordpress\/plugins\/seo\/ -->\n<title>&quot;30 under 40&quot; expert network: Thought leaders in digital health | Healthcare Program<\/title>\n<meta name=\"robots\" content=\"index, follow, max-snippet:-1, max-image-preview:large, max-video-preview:-1\" \/>\n<link rel=\"canonical\" href=\"https:\/\/www.programm-gesundheit.blog\/en\/30-under-40-expert-network\/\" \/>\n<meta property=\"og:locale\" content=\"en_US\" \/>\n<meta property=\"og:type\" content=\"article\" \/>\n<meta property=\"og:title\" content=\"&quot;30 under 40&quot; expert network: Thought leaders in digital health | Healthcare Program\" \/>\n<meta property=\"og:description\" content=\"The \u201c30 under 40\u201d expert network is accompanying the Digital Patient project by providing fresh input and broadening the scope of issues, opinions and future developments to consider in digital health. The network is comprised of 30 young thought leaders with diverse backgrounds \u2013 from startups to service providers and cost-bearers to scientists, journalists, policymakers [&hellip;]\" \/>\n<meta property=\"og:url\" content=\"https:\/\/www.programm-gesundheit.blog\/en\/30-under-40-expert-network\/\" \/>\n<meta property=\"og:site_name\" content=\"Healthcare Program\" \/>\n<meta property=\"article:modified_time\" content=\"2023-02-27T13:00:52+00:00\" \/>\n<meta property=\"og:image\" content=\"https:\/\/www.programm-gesundheit.blog\/wp-content\/uploads\/sites\/25\/2023\/05\/AdobeStock_104882153_KONZERN_ST-G_Montage_HighRes-5.jpg\" \/>\n\t<meta property=\"og:image:width\" content=\"2560\" \/>\n\t<meta property=\"og:image:height\" content=\"1280\" \/>\n\t<meta property=\"og:image:type\" content=\"image\/jpeg\" \/>\n<meta name=\"twitter:card\" content=\"summary_large_image\" \/>\n<meta name=\"twitter:site\" content=\"@PatientDigital\" \/>\n<meta name=\"twitter:label1\" content=\"Est. reading time\" \/>\n\t<meta name=\"twitter:data1\" content=\"10 minutes\" \/>\n<script type=\"application\/ld+json\" class=\"yoast-schema-graph\">{\"@context\":\"https:\/\/schema.org\",\"@graph\":[{\"@type\":\"WebPage\",\"@id\":\"https:\/\/www.programm-gesundheit.blog\/en\/30-under-40-expert-network\/\",\"url\":\"https:\/\/www.programm-gesundheit.blog\/en\/30-under-40-expert-network\/\",\"name\":\"\\\"30 under 40\\\" expert network: Thought leaders in digital health | Healthcare Program\",\"isPartOf\":{\"@id\":\"https:\/\/www.programm-gesundheit.blog\/#website\"},\"primaryImageOfPage\":{\"@id\":\"https:\/\/www.programm-gesundheit.blog\/en\/30-under-40-expert-network\/#primaryimage\"},\"image\":{\"@id\":\"https:\/\/www.programm-gesundheit.blog\/en\/30-under-40-expert-network\/#primaryimage\"},\"thumbnailUrl\":\"https:\/\/www.programm-gesundheit.blog\/wp-content\/uploads\/sites\/25\/2023\/05\/AdobeStock_104882153_KONZERN_ST-G_Montage_HighRes-5.jpg\",\"datePublished\":\"2016-06-28T07:28:48+00:00\",\"dateModified\":\"2023-02-27T13:00:52+00:00\",\"breadcrumb\":{\"@id\":\"https:\/\/www.programm-gesundheit.blog\/en\/30-under-40-expert-network\/#breadcrumb\"},\"inLanguage\":\"en-US\",\"potentialAction\":[{\"@type\":\"ReadAction\",\"target\":[\"https:\/\/www.programm-gesundheit.blog\/en\/30-under-40-expert-network\/\"]}]},{\"@type\":\"ImageObject\",\"inLanguage\":\"en-US\",\"@id\":\"https:\/\/www.programm-gesundheit.blog\/en\/30-under-40-expert-network\/#primaryimage\",\"url\":\"https:\/\/www.programm-gesundheit.blog\/wp-content\/uploads\/sites\/25\/2023\/05\/AdobeStock_104882153_KONZERN_ST-G_Montage_HighRes-5.jpg\",\"contentUrl\":\"https:\/\/www.programm-gesundheit.blog\/wp-content\/uploads\/sites\/25\/2023\/05\/AdobeStock_104882153_KONZERN_ST-G_Montage_HighRes-5.jpg\",\"width\":2560,\"height\":1280,\"caption\":\"Business People Meeting Growth Success Target Economic Concept. Business Menschen Treffen Wachstum Erfolg Ziel Wirtschaftliches Konzept. Bestellt am 21.10.2022 in einer KONZERN-Lizenz f\u00fcr ST-G ID-1658 | Blog, Webseite und Linkedin Digitaler Patient \\\"30 unter 40\\\"\"},{\"@type\":\"BreadcrumbList\",\"@id\":\"https:\/\/www.programm-gesundheit.blog\/en\/30-under-40-expert-network\/#breadcrumb\",\"itemListElement\":[{\"@type\":\"ListItem\",\"position\":1,\"name\":\"Home\",\"item\":\"https:\/\/www.programm-gesundheit.blog\/en\/\"},{\"@type\":\"ListItem\",\"position\":2,\"name\":\"&#8220;30 under 40&#8221; expert network: Thought leaders in digital health\"}]},{\"@type\":\"WebSite\",\"@id\":\"https:\/\/www.programm-gesundheit.blog\/#website\",\"url\":\"https:\/\/www.programm-gesundheit.blog\/\",\"name\":\"Healthcare Program\",\"description\":\"\",\"potentialAction\":[{\"@type\":\"SearchAction\",\"target\":{\"@type\":\"EntryPoint\",\"urlTemplate\":\"https:\/\/www.programm-gesundheit.blog\/?s={search_term_string}\"},\"query-input\":{\"@type\":\"PropertyValueSpecification\",\"valueRequired\":true,\"valueName\":\"search_term_string\"}}],\"inLanguage\":\"en-US\"}]}<\/script>\n<!-- \/ Yoast SEO plugin. -->","yoast_head_json":{"title":"\"30 under 40\" expert network: Thought leaders in digital health | Healthcare Program","robots":{"index":"index","follow":"follow","max-snippet":"max-snippet:-1","max-image-preview":"max-image-preview:large","max-video-preview":"max-video-preview:-1"},"canonical":"https:\/\/www.programm-gesundheit.blog\/en\/30-under-40-expert-network\/","og_locale":"en_US","og_type":"article","og_title":"\"30 under 40\" expert network: Thought leaders in digital health | Healthcare Program","og_description":"The \u201c30 under 40\u201d expert network is accompanying the Digital Patient project by providing fresh input and broadening the scope of issues, opinions and future developments to consider in digital health. The network is comprised of 30 young thought leaders with diverse backgrounds \u2013 from startups to service providers and cost-bearers to scientists, journalists, policymakers [&hellip;]","og_url":"https:\/\/www.programm-gesundheit.blog\/en\/30-under-40-expert-network\/","og_site_name":"Healthcare Program","article_modified_time":"2023-02-27T13:00:52+00:00","og_image":[{"width":2560,"height":1280,"url":"https:\/\/www.programm-gesundheit.blog\/wp-content\/uploads\/sites\/25\/2023\/05\/AdobeStock_104882153_KONZERN_ST-G_Montage_HighRes-5.jpg","type":"image\/jpeg"}],"twitter_card":"summary_large_image","twitter_site":"@PatientDigital","twitter_misc":{"Est. reading time":"10 minutes"},"schema":{"@context":"https:\/\/schema.org","@graph":[{"@type":"WebPage","@id":"https:\/\/www.programm-gesundheit.blog\/en\/30-under-40-expert-network\/","url":"https:\/\/www.programm-gesundheit.blog\/en\/30-under-40-expert-network\/","name":"\"30 under 40\" expert network: Thought leaders in digital health | Healthcare Program","isPartOf":{"@id":"https:\/\/www.programm-gesundheit.blog\/#website"},"primaryImageOfPage":{"@id":"https:\/\/www.programm-gesundheit.blog\/en\/30-under-40-expert-network\/#primaryimage"},"image":{"@id":"https:\/\/www.programm-gesundheit.blog\/en\/30-under-40-expert-network\/#primaryimage"},"thumbnailUrl":"https:\/\/www.programm-gesundheit.blog\/wp-content\/uploads\/sites\/25\/2023\/05\/AdobeStock_104882153_KONZERN_ST-G_Montage_HighRes-5.jpg","datePublished":"2016-06-28T07:28:48+00:00","dateModified":"2023-02-27T13:00:52+00:00","breadcrumb":{"@id":"https:\/\/www.programm-gesundheit.blog\/en\/30-under-40-expert-network\/#breadcrumb"},"inLanguage":"en-US","potentialAction":[{"@type":"ReadAction","target":["https:\/\/www.programm-gesundheit.blog\/en\/30-under-40-expert-network\/"]}]},{"@type":"ImageObject","inLanguage":"en-US","@id":"https:\/\/www.programm-gesundheit.blog\/en\/30-under-40-expert-network\/#primaryimage","url":"https:\/\/www.programm-gesundheit.blog\/wp-content\/uploads\/sites\/25\/2023\/05\/AdobeStock_104882153_KONZERN_ST-G_Montage_HighRes-5.jpg","contentUrl":"https:\/\/www.programm-gesundheit.blog\/wp-content\/uploads\/sites\/25\/2023\/05\/AdobeStock_104882153_KONZERN_ST-G_Montage_HighRes-5.jpg","width":2560,"height":1280,"caption":"Business People Meeting Growth Success Target Economic Concept. Business Menschen Treffen Wachstum Erfolg Ziel Wirtschaftliches Konzept. Bestellt am 21.10.2022 in einer KONZERN-Lizenz f\u00fcr ST-G ID-1658 | Blog, Webseite und Linkedin Digitaler Patient \"30 unter 40\""},{"@type":"BreadcrumbList","@id":"https:\/\/www.programm-gesundheit.blog\/en\/30-under-40-expert-network\/#breadcrumb","itemListElement":[{"@type":"ListItem","position":1,"name":"Home","item":"https:\/\/www.programm-gesundheit.blog\/en\/"},{"@type":"ListItem","position":2,"name":"&#8220;30 under 40&#8221; expert network: Thought leaders in digital health"}]},{"@type":"WebSite","@id":"https:\/\/www.programm-gesundheit.blog\/#website","url":"https:\/\/www.programm-gesundheit.blog\/","name":"Healthcare Program","description":"","potentialAction":[{"@type":"SearchAction","target":{"@type":"EntryPoint","urlTemplate":"https:\/\/www.programm-gesundheit.blog\/?s={search_term_string}"},"query-input":{"@type":"PropertyValueSpecification","valueRequired":true,"valueName":"search_term_string"}}],"inLanguage":"en-US"}]}},"_links":{"self":[{"href":"https:\/\/www.programm-gesundheit.blog\/en\/wp-json\/wp\/v2\/pages\/2548","targetHints":{"allow":["GET"]}}],"collection":[{"href":"https:\/\/www.programm-gesundheit.blog\/en\/wp-json\/wp\/v2\/pages"}],"about":[{"href":"https:\/\/www.programm-gesundheit.blog\/en\/wp-json\/wp\/v2\/types\/page"}],"author":[{"embeddable":true,"href":"https:\/\/www.programm-gesundheit.blog\/en\/wp-json\/wp\/v2\/users\/150"}],"replies":[{"embeddable":true,"href":"https:\/\/www.programm-gesundheit.blog\/en\/wp-json\/wp\/v2\/comments?post=2548"}],"version-history":[{"count":0,"href":"https:\/\/www.programm-gesundheit.blog\/en\/wp-json\/wp\/v2\/pages\/2548\/revisions"}],"wp:featuredmedia":[{"embeddable":true,"href":"https:\/\/www.programm-gesundheit.blog\/en\/wp-json\/wp\/v2\/media\/7520"}],"wp:attachment":[{"href":"https:\/\/www.programm-gesundheit.blog\/en\/wp-json\/wp\/v2\/media?parent=2548"}],"curies":[{"name":"wp","href":"https:\/\/api.w.org\/{rel}","templated":true}]}}